{"id":306,"date":"2023-10-04T10:19:02","date_gmt":"2023-10-04T10:19:02","guid":{"rendered":"http:\/\/192.168.1.113\/projects\/towncenter\/polasai-priobhaideachais\/"},"modified":"2024-02-07T10:54:29","modified_gmt":"2024-02-07T10:54:29","slug":"beartas-priobhaideachais","status":"publish","type":"page","link":"https:\/\/towncentrefirst.ie\/ga\/beartas-priobhaideachais\/","title":{"rendered":"Beartas Pr\u00edobhaideachais"},"content":{"rendered":"<h6><strong>R\u00e1iteas Pr\u00edobh\u00e1ideachais Town Centre First<\/strong><strong><\/strong><\/h6>\n<p>Coinn\u00edonn an Ghn\u00edomhaireacht Bainist\u00edochta Rialtais \u00c1iti\u00fail an su\u00edomh gr\u00e9as\u00e1in seo.\u00a0\u00a0Urrama\u00edonn an Ghn\u00edomhaireacht do cheart chun pr\u00edobh\u00e1ideachais agus n\u00ed bhaileoidh s\u00ed aon fhaisn\u00e9is phearsanta f\u00fat ar an su\u00edomh gr\u00e9as\u00e1in seo gan do chead sainr\u00e1ite.\u00a0\u00a0D\u00e9ile\u00e1lfar le haon fhaisn\u00e9is phearsanta a chuireann t\u00fa ar f\u00e1il leis na caighde\u00e1in is airde sl\u00e1nd\u00e1la agus r\u00fandachta, de r\u00e9ir na nAchtanna um Chosaint Sonra\u00ed, 1988 \u2013 2018.<\/p>\n<p>N\u00ed bhail\u00edonn an su\u00edomh Gr\u00e9as\u00e1in seo aon sonra\u00ed pearsanta, seachas faisn\u00e9is a thugann t\u00fa go deonach. (Mar shampla, le linn aiseolas a shol\u00e1thar n\u00f3 ceist a chur). N\u00ed \u00fas\u00e1idtear aon fhaisn\u00e9is a shol\u00e1thra\u00edonn t\u00fa ar an mbealach seo ach chun na cr\u00edche a shol\u00e1thra\u00edonn t\u00fa \u00ed.<\/p>\n<p><a href=\"https:\/\/towncentrefirst.ie\/wp-content\/uploads\/2023\/10\/lgma-data-protection-policy-2021.pdf\"><strong>Clice\u00e1il anseo le haghaidh Beartas Cosanta Sonra\u00ed <\/strong><\/a><strong><a href=\"https:\/\/towncentrefirst.ie\/wp-content\/uploads\/2023\/10\/lgma-data-protection-policy-2021.pdf\" target=\"_blank\" rel=\"noopener\"><\/a><\/strong><\/p>\n<div><\/div>\n","protected":false},"excerpt":{"rendered":"<p>R\u00e1iteas Pr\u00edobh\u00e1ideachais Town Centre First Coinn\u00edonn an Ghn\u00edomhaireacht Bainist\u00edochta Rialtais \u00c1iti\u00fail an su\u00edomh gr\u00e9as\u00e1in seo.\u00a0\u00a0Urrama\u00edonn an Ghn\u00edomhaireacht do cheart chun pr\u00edobh\u00e1ideachais agus n\u00ed bhaileoidh s\u00ed aon fhaisn\u00e9is phearsanta f\u00fat ar an su\u00edomh gr\u00e9as\u00e1in seo gan do chead sainr\u00e1ite.\u00a0\u00a0D\u00e9ile\u00e1lfar le haon fhaisn\u00e9is phearsanta a chuireann t\u00fa ar f\u00e1il leis na caighde\u00e1in is airde sl\u00e1nd\u00e1la agus r\u00fandachta, [&hellip;]<\/p>\n","protected":false},"author":6,"featured_media":0,"parent":0,"menu_order":0,"comment_status":"closed","ping_status":"closed","template":"","meta":{"_acf_changed":false,"inline_featured_image":false,"footnotes":""},"class_list":["post-306","page","type-page","status-publish","hentry"],"acf":[],"_links":{"self":[{"href":"https:\/\/towncentrefirst.ie\/ga\/wp-json\/wp\/v2\/pages\/306","targetHints":{"allow":["GET"]}}],"collection":[{"href":"https:\/\/towncentrefirst.ie\/ga\/wp-json\/wp\/v2\/pages"}],"about":[{"href":"https:\/\/towncentrefirst.ie\/ga\/wp-json\/wp\/v2\/types\/page"}],"author":[{"embeddable":true,"href":"https:\/\/towncentrefirst.ie\/ga\/wp-json\/wp\/v2\/users\/6"}],"replies":[{"embeddable":true,"href":"https:\/\/towncentrefirst.ie\/ga\/wp-json\/wp\/v2\/comments?post=306"}],"version-history":[{"count":0,"href":"https:\/\/towncentrefirst.ie\/ga\/wp-json\/wp\/v2\/pages\/306\/revisions"}],"wp:attachment":[{"href":"https:\/\/towncentrefirst.ie\/ga\/wp-json\/wp\/v2\/media?parent=306"}],"curies":[{"name":"wp","href":"https:\/\/api.w.org\/{rel}","templated":true}]}}